{"id":3,"date":"2019-03-01T14:53:15","date_gmt":"2019-03-01T14:53:15","guid":{"rendered":"http:\/\/amonis-starter.be\/?page_id=3"},"modified":"2020-07-02T03:53:17","modified_gmt":"2020-07-02T03:53:17","slug":"vie-privee","status":"publish","type":"page","link":"https:\/\/amonis-starter.be\/fr\/vie-privee\/","title":{"rendered":"Vie priv\u00e9e"},"content":{"rendered":"\r\n<p>Amonis est le responsable de traitement, cela signifie qu\u2019Amonis d\u00e9termine les finalit\u00e9s et les moyens de traitement des donn\u00e9es personnelles. Par\u00a0 la d\u00e9nomination \u00ab Amonis \u00bb nous entendons Amonis OFP, Amonis SCRL et Amonis SA. Vous pouvez nous contacter par courrier \u00e0 Amonis, Service Privacy, Place de Jamblinne de Meux 4 \u00e0 1030 Bruxelles. Vous pouvez nous contacter par email \u00e0 <a href=\"mailto:privacy@amonis.be\">privacy@amonis.be<\/a>.<\/p>\r\n\r\n\r\n\r\n<p>Vos donn\u00e9es seront uniquement\u00a0 trait\u00e9es par Amonis pour la prise du rendez-vous sur base de votre consentement et \u00e9ventuellement pour la prise de mesures pr\u00e9contractuelles \u00e0 votre demande (formulaire Inami).\u00a0<\/p>\r\n\r\n\r\n\r\n<p>Si vous avez coch\u00e9 la case, vos donn\u00e9es seront aussi \u00a0trait\u00e9es par Amonis \u00a0\u00e0 des fins de prospection commerciale sur la base de votre consentement. Dans ce cadre, les donn\u00e9es sont utilis\u00e9es pour le profilage afin que les produits propos\u00e9s correspondent \u00e0 vos exigences et besoins. Vous pouvez retirer votre consentement \u00e0 tout moment (y compris au profilage relatif).<\/p>\r\n\r\n\r\n\r\n<p>Le retrait du consentement ne remet pas en cause la l\u00e9galit\u00e9 du traitement fond\u00e9 sur le consentement effectu\u00e9 avant le retrait de celui-ci. Les donn\u00e9es collect\u00e9es par Amonis sont transmises \u00e0 certains de nos partenaires priv\u00e9s (imprimeur externe).<\/p>\r\n\r\n\r\n\r\n<p>Les donn\u00e9es collect\u00e9es par Amonis sont transmises \u00e0 certains de nos partenaires priv\u00e9s (imprimeur externe) et aux autorit\u00e9s publiques en vue de nous conformer \u00e0 nos obligations l\u00e9gales telles que l\u2019INAMI pour vos avantages sociaux.<\/p>\r\n\r\n\r\n\r\n<p>Sans r\u00e9ponse \u00e0 nos sollicitations, vos donn\u00e9es seront supprim\u00e9es 2 ans \u00a0apr\u00e8s le dernier contact. Pour autres traitements, vos donn\u00e9es sont conserv\u00e9es le temps n\u00e9cessaire pour r\u00e9pondre \u00e0 la finalit\u00e9 poursuivie et jusqu\u2019\u00e0 l\u2019extinction du d\u00e9lai de prescription l\u00e9gale, sauf si la loi en dispose autrement. Si vos donn\u00e9es ne sont plus n\u00e9cessaires \u00e0 la finalit\u00e9, elles seront supprim\u00e9es de notre banque de donn\u00e9es.\u00a0Sauf si la loi en dispose autrement, vous pouvez consulter gratuitement vos informations personnelles, les modifier, les supprimer,\u00a0 demander la transmission de vos donn\u00e9es dans un format structur\u00e9 ou demander la limitation du traitement par une demande \u00e9crite \u00e0 Amonis, Service Marketing, Place de Jamblinne de Meux 4 , 1030 Bruxelles ou via mail \u00e0\u00a0<a href=\"mailto:info@amonis.be\">info@amonis.be<\/a>.<\/p>\r\n\r\n\r\n\r\n<p>Amonis s\u2019engage \u00e0 faire suite \u00e0 la demande dans les meilleurs d\u00e9lais, et au plus tard un mois apr\u00e8s sa r\u00e9ception. Vous pouvez \u00e9galement contacter le D\u00e9l\u00e9gu\u00e9 \u00e0 la Protection des donn\u00e9es d\u2019Amonis \u00e0 l\u2019adresse email <a href=\"mailto:dpo@3headedgiant.be\">dpo@3headedgiant.be<\/a>. \u00a0Si vous avez des questions ou r\u00e9clamations \u00e9ventuelles, vous pouvez contacter l\u2019Autorit\u00e9 de Protection des Donn\u00e9es (Rue de la Presse, 35 \u00e0 1000 Bruxelles).<\/p>\r\n\r\n\r\n\r\n<p>Pour plus d\u2019informations, veuillez vous rendre sur notre site web\u00a0<strong><a href=\"http:\/\/www.amonis.be\/fr\/respect-de-la-vie-priv\u00e9e\" target=\"_blank\" rel=\"noopener noreferrer\">www.amonis.be\/fr\/respect-de-la-vie-priv\u00e9e<\/a><\/strong>.<\/p>\r\n","protected":false},"excerpt":{"rendered":"<p>Amonis est le responsable de traitement, cela signifie qu\u2019Amonis d\u00e9termine les finalit\u00e9s et les moyens de traitement des donn\u00e9es personnelles. Par\u00a0 la d\u00e9nomination \u00ab Amonis \u00bb nous entendons Amonis OFP, Amonis SCRL et Amonis SA. Vous pouvez nous contacter par courrier \u00e0 Amonis, Service Privacy, Place de Jamblinne de Meux 4 \u00e0 1030 Bruxelles. Vous [&hellip;]<\/p>\n","protected":false},"author":4,"featured_media":0,"parent":0,"menu_order":35,"comment_status":"closed","ping_status":"closed","template":"page-legals.php","meta":{"_acf_changed":false,"footnotes":""},"class_list":["post-3","page","type-page","status-publish","hentry"],"acf":[],"_links":{"self":[{"href":"https:\/\/amonis-starter.be\/fr\/wp-json\/wp\/v2\/pages\/3","targetHints":{"allow":["GET"]}}],"collection":[{"href":"https:\/\/amonis-starter.be\/fr\/wp-json\/wp\/v2\/pages"}],"about":[{"href":"https:\/\/amonis-starter.be\/fr\/wp-json\/wp\/v2\/types\/page"}],"author":[{"embeddable":true,"href":"https:\/\/amonis-starter.be\/fr\/wp-json\/wp\/v2\/users\/4"}],"replies":[{"embeddable":true,"href":"https:\/\/amonis-starter.be\/fr\/wp-json\/wp\/v2\/comments?post=3"}],"version-history":[{"count":13,"href":"https:\/\/amonis-starter.be\/fr\/wp-json\/wp\/v2\/pages\/3\/revisions"}],"predecessor-version":[{"id":1211,"href":"https:\/\/amonis-starter.be\/fr\/wp-json\/wp\/v2\/pages\/3\/revisions\/1211"}],"wp:attachment":[{"href":"https:\/\/amonis-starter.be\/fr\/wp-json\/wp\/v2\/media?parent=3"}],"curies":[{"name":"wp","href":"https:\/\/api.w.org\/{rel}","templated":true}]}}