{"id":16,"date":"2019-03-04T16:39:51","date_gmt":"2019-03-04T16:39:51","guid":{"rendered":"http:\/\/amonis-starter.be\/?page_id=16"},"modified":"2025-05-27T12:57:26","modified_gmt":"2025-05-27T11:57:26","slug":"who-is-amonis","status":"publish","type":"page","link":"https:\/\/amonis-starter.be\/fr\/who-is-amonis\/","title":{"rendered":"Pourquoi choisir pour Amonis ?"},"content":{"rendered":"\r\n<div class=\"wp-block-columns has-2-columns who-is-amonis is-layout-flex wp-container-core-columns-is-layout-9d6595d7 wp-block-columns-is-layout-flex\">\r\n<div class=\"wp-block-column is-layout-flow wp-block-column-is-layout-flow\">\r\n<h1 class=\"wp-block-heading\">Qui sommes nous ?<\/h1>\r\n\r\n\r\n\r\n<p>Amonis garantit une plus <strong>grande s\u00e9curit\u00e9 sociale<\/strong> et financi\u00e8re dans votre vie. Nous offrons une pension compl\u00e9mentaire tr\u00e8s int\u00e9ressante sur le plan fiscal et des couvertures en cas d\u2019incapacit\u00e9 de travail, de d\u00e9c\u00e8s, d\u2019invalidit\u00e9, de maternit\u00e9 et de d\u00e9pendance. <strong>Une protection compl\u00e8te pour aujourd\u2019hui et pour demain!<\/strong><\/p>\r\n\r\n\r\n\r\n<p>Amonis opte r\u00e9solument pour une approche personnalis\u00e9e et examine chaque situation <strong>individuellement<\/strong>. Notre \u00e9quipe de sp\u00e9cialistes \u00e9valuent pr\u00e9cis\u00e9ment vos besoins et vous proposent les combinaisons qui conviennent le mieux <strong>\u00e0 votre situation<\/strong>. Pas \u00e9tonnant qu\u2019Amonis ait d\u00e9j\u00e0 \u00e9t\u00e9 \u00e9lu 10 fois <a href=\"http:\/\/www.amonis.be\/fr\/meilleur-fonds-de-pension\" target=\"_blank\" rel=\"noreferrer noopener\" aria-label=\"meilleur fonds de pension (s\u2019ouvre dans un nouvel onglet)\">meilleur fonds de pension<\/a> de Belgique au cours des quinze derni\u00e8res ann\u00e9es, la derni\u00e8re fois par World Finance en 2017.<\/p>\r\n<\/div>\r\n\r\n\r\n\r\n<div class=\"wp-block-column is-layout-flow wp-block-column-is-layout-flow\">\r\n<figure class=\"wp-block-image\"><img loading=\"lazy\" decoding=\"async\" width=\"382\" height=\"442\" class=\"wp-image-430\" src=\"https:\/\/amonis-starter.be\/wp-content\/uploads\/2019\/04\/bubbles-01-fr.png\" alt=\"\" srcset=\"https:\/\/amonis-starter.be\/wp-content\/uploads\/2019\/04\/bubbles-01-fr.png 382w, https:\/\/amonis-starter.be\/wp-content\/uploads\/2019\/04\/bubbles-01-fr-259x300.png 259w\" sizes=\"auto, (max-width: 382px) 100vw, 382px\" \/><\/figure>\r\n<\/div>\r\n<\/div>\r\n\r\n\r\n\r\n<figure class=\"wp-block-image chart\"><img loading=\"lazy\" decoding=\"async\" width=\"939\" height=\"578\" class=\"wp-image-433\" src=\"https:\/\/amonis-starter.be\/wp-content\/uploads\/2019\/04\/chart-01-fr.png\" alt=\"\" srcset=\"https:\/\/amonis-starter.be\/wp-content\/uploads\/2019\/04\/chart-01-fr.png 939w, https:\/\/amonis-starter.be\/wp-content\/uploads\/2019\/04\/chart-01-fr-300x185.png 300w, https:\/\/amonis-starter.be\/wp-content\/uploads\/2019\/04\/chart-01-fr-768x473.png 768w\" sizes=\"auto, (max-width: 939px) 100vw, 939px\" \/><\/figure>\r\n\r\n\r\n\r\n<div class=\"wp-block-columns has-2-columns recipients is-layout-flex wp-container-core-columns-is-layout-9d6595d7 wp-block-columns-is-layout-flex\">\r\n<div class=\"wp-block-column is-layout-flow wp-block-column-is-layout-flow\">\r\n<h2 class=\"has-text-align-center wp-block-heading\">Cr\u00e9\u00e9 par et pour <br \/>les prestataires de soins<\/h2>\r\n\r\n\r\n\r\n<h4 class=\"has-text-align-center wp-block-heading\">Alignement des int\u00e9r\u00eats<\/h4>\r\n\r\n\r\n\r\n<p style=\"text-align: center; color: #ffffff;\">Redistribution des b\u00e9n\u00e9fices<br \/>Pas d&rsquo;actionnaires \u00e0 r\u00e9mun\u00e9rer<\/p>\r\n<p style=\"text-align: center;\"><\/p>\r\n<\/div>\r\n\r\n\r\n\r\n<div class=\"wp-block-column is-layout-flow wp-block-column-is-layout-flow\">\r\n<figure class=\"wp-block-image\"><img loading=\"lazy\" decoding=\"async\" width=\"443\" height=\"598\" class=\"wp-image-439\" src=\"https:\/\/amonis-starter.be\/wp-content\/uploads\/2019\/04\/figure-01-fr.png\" alt=\"\" srcset=\"https:\/\/amonis-starter.be\/wp-content\/uploads\/2019\/04\/figure-01-fr.png 443w, https:\/\/amonis-starter.be\/wp-content\/uploads\/2019\/04\/figure-01-fr-222x300.png 222w\" sizes=\"auto, (max-width: 443px) 100vw, 443px\" \/><\/figure>\r\n\r\n\r\n\r\n<p>&nbsp;<\/p>\r\n<\/div>\r\n<\/div>\r\n\r\n\r\n\r\n<h2 class=\"has-text-align-center second-title wp-block-heading\">Nous vous accompagnons <br \/>tout au long de votre carri\u00e8re<\/h2>\r\n\r\n\r\n\r\n<h3 class=\"has-text-align-center third-title wp-block-heading\">Pour chaque \u00e9tapes de votre vie, <br \/>prenez un <a class=\"button-contact\">rendez-vous<\/a> conseil Amonis<\/h3>\r\n\r\n\r\n\r\n<div class=\"slider\">\r\n<div class=\"wrapper\"><img decoding=\"async\" src=\"\/wp-content\/uploads\/2019\/04\/timeline-fr.png\" \/><\/div>\r\n<\/div>\r\n\r\n\r\n\r\n<div class=\"rate\">\r\n<div class=\"wrapper\">\r\n<div class=\"bubble\">Int\u00e9r\u00eat de base<br \/>en 2018 :\r\n<h6>1,60%<\/h6>\r\n<\/div>\r\n<div class=\"bubble\">\r\n<h6>3,25%<\/h6>\r\nde rendement<br \/>global octroy\u00e9<br \/>en 2017*<\/div>\r\n<div class=\"bubble\">\r\n<h6>0%<\/h6>\r\nde frais<br \/>de gestion<\/div>\r\n<div class=\"bubble\">\r\n<h6>3%<\/h6>\r\nde frais sur<br \/>les versements<\/div>\r\n<\/div>\r\n<h5>*Aucun pr\u00e9l\u00e8vement sur la r\u00e9serve<\/h5>\r\n<\/div>\r\n\r\n\r\n\r\n<div class=\"wp-block-columns has-2-columns what-i-see is-layout-flex wp-container-core-columns-is-layout-9d6595d7 wp-block-columns-is-layout-flex\">\r\n<div class=\"wp-block-column is-layout-flow wp-block-column-is-layout-flow\">\r\n<figure class=\"wp-block-image\"><img loading=\"lazy\" decoding=\"async\" width=\"320\" height=\"389\" class=\"wp-image-456\" src=\"https:\/\/amonis-starter.be\/wp-content\/uploads\/2019\/04\/thrift.png\" alt=\"\" srcset=\"https:\/\/amonis-starter.be\/wp-content\/uploads\/2019\/04\/thrift.png 320w, https:\/\/amonis-starter.be\/wp-content\/uploads\/2019\/04\/thrift-247x300.png 247w\" sizes=\"auto, (max-width: 320px) 100vw, 320px\" \/><\/figure>\r\n\r\n\r\n\r\n<h2 class=\"wp-block-heading\">What you see<br \/>is what you get<\/h2>\r\n\r\n\r\n\r\n<p>Amonis est un Organisme de Financement de Pensions (OFP) sp\u00e9cialis\u00e9 dans la pension des professions m\u00e9dicales et lib\u00e9rales. A l\u2019\u00e9coute de nos membres, nous leur offrons s\u00e9curit\u00e9 et stabilit\u00e9 avec les solutions les mieux adapt\u00e9es, les meilleurs taux du march\u00e9, et un service sur mesure.<\/p>\r\n<p>Notre force est une approche en toute transparence. Nous faisons ce que nous disons et nous disons ce que nous faisons. Amonis appartient \u00e0 ses clients \u2013 que nous appelons \u00ab membres \u00bb \u2013 et les b\u00e9n\u00e9fices r\u00e9alis\u00e9s leur sont redistribu\u00e9s. Nous accompagnons nos membres d\u00e8s le moment de leur affiliation, \u00e0 chaque moment cl\u00e9 de leur carri\u00e8re et jusqu\u2019\u00e0 la pension.<\/p>\r\n<\/div>\r\n\r\n\r\n\r\n<div class=\"wp-block-column is-layout-flow wp-block-column-is-layout-flow\">\r\n<div class=\"wp-block-atomic-blocks-ab-accordion ab-block-accordion ab-font-size-18\"><details>\r\n<summary class=\"ab-accordion-title\">Amonis est un OFP (Organisme de Financement de Pensions) not-for-profit, sp\u00e9cialiste de la pension pour les professions m\u00e9dicales et lib\u00e9rales.<\/summary>\r\n<div class=\"ab-accordion-text\">\r\n<p>Nous avons <strong>50 ans d\u2019exp\u00e9rience<\/strong> en incapacit\u00e9 de travail, d\u00e9c\u00e8s, invalidit\u00e9, maternit\u00e9\u2026 et sommes le leader absolu dans la gestion des aspects de la s\u00e9curit\u00e9 sociale compl\u00e9mentaire et en particulier des pensions.<\/p>\r\n<p>Avec plus de <strong>28.000 membres<\/strong> et <strong>1,8 milliard<\/strong> d\u2019actifs sous gestion, nous avons \u00e9t\u00e9 \u00e9lus 11 fois meilleur fonds de pension de Belgique (6 fois Investment &amp; Pensions Europe Award du Best Pension Fund in Belgium et 5 fois vainqueur du World Finance Award).<\/p>\r\n<\/div>\r\n<\/details><\/div>\r\n\r\n\r\n\r\n<div class=\"wp-block-atomic-blocks-ab-accordion ab-block-accordion ab-font-size-18\"><details>\r\n<summary class=\"ab-accordion-title\">A l\u2019\u00e9coute de nos membres, nous leur offrons s\u00e9curit\u00e9 et stabilit\u00e9 avec les solutions les mieux adapt\u00e9es. Nous faisons ce que nous disons et inversement \u2013 \u201cWhat you see is what you get!\u201d<\/summary>\r\n<div class=\"ab-accordion-text\">\r\n<p>Amonis a \u00e9t\u00e9 cr\u00e9\u00e9 par des prestataires de soins. Aujourd\u2019hui encore, il appartient \u00e0 ses membres et est repr\u00e9sent\u00e9 par ses membres, gr\u00e2ce \u00e0 quoi les int\u00e9r\u00eats sont align\u00e9s de mani\u00e8re optimale.Sans actionnaires \u00e0 r\u00e9mun\u00e9rer, les b\u00e9n\u00e9fices et \u00e9conomies sont redistribu\u00e9s aux membres. <strong>Nous proposons parmi les meilleures conditions financi\u00e8res disponibles sur le march\u00e9 actuellement :<\/strong><\/p>\r\n<ul>\r\n<li>Seulement 3 % de frais pr\u00e9lev\u00e9s sur les cotisations vers\u00e9es (aucun pr\u00e9l\u00e8vement sur les r\u00e9serves)<\/li>\r\n<li>Potentiel de rendement sup\u00e9rieur (nos taux sont parmi les plus \u00e9lev\u00e9s du march\u00e9) : 1,6 % d\u2019int\u00e9r\u00eat<\/li>\r\n<\/ul>\r\n<p>de base en 2019 et 3,25 % de rendement global net distribu\u00e9 en 2017 (ainsi qu\u2019en 2016 et 2015). Notre d\u00e9marche est transparente. Nous pouvons fournir les preuves de ce que nous avan\u00e7ons.<\/p>\r\n<\/div>\r\n<\/details><\/div>\r\n\r\n\r\n\r\n<div class=\"wp-block-atomic-blocks-ab-accordion ab-block-accordion ab-font-size-18\"><details>\r\n<summary class=\"ab-accordion-title\">Notre approche permet d\u2019accompagner nos membres de fa\u00e7on personnalis\u00e9e, tout au long de leur carri\u00e8re.<\/summary>\r\n<div class=\"ab-accordion-text\">\r\n<p>Nous offrons \u00e0 nos membres une protection financi\u00e8re contre les risques de perte de leurs revenus professionnels. Nous les accompagnons d\u00e8s le moment de l\u2019affiliation et jusqu\u2019\u00e0 la pension. Nous sommes pr\u00e9sents \u00e0 tous les moments cl\u00e9s de leur vie : starters, incapacit\u00e9 de travail, fin de stage, maternit\u00e9, changement de statut professionnel, passage en soci\u00e9t\u00e9, hospitalisation&#8230; Nous les conseillons dans les d\u00e9marches administratives relatives \u00e0 leur profession (inscription \u00e0 la caisse d\u2019assurance sociales pour les ind\u00e9pendants, assurance en responsabilit\u00e9 civile professionnelle, adh\u00e9sion \u00e0 la convention\u2026).<\/p>\r\n<\/div>\r\n<\/details><\/div>\r\n\r\n\r\n\r\n<div class=\"postscriptum\">\r\n<p>*Notre d\u00e9marche est transparente. Nous pouvons fournir les preuves de ce que nous avan\u00e7ons.<\/p>\r\n<\/div>\r\n<\/div>\r\n<\/div>\r\n","protected":false},"excerpt":{"rendered":"<p>Qui sommes nous ? Amonis garantit une plus grande s\u00e9curit\u00e9 sociale et financi\u00e8re dans votre vie. Nous offrons une pension compl\u00e9mentaire tr\u00e8s int\u00e9ressante sur le plan fiscal et des couvertures en cas d\u2019incapacit\u00e9 de travail, de d\u00e9c\u00e8s, d\u2019invalidit\u00e9, de maternit\u00e9 et de d\u00e9pendance. Une protection compl\u00e8te pour aujourd\u2019hui et pour demain! Amonis opte r\u00e9solument pour [&hellip;]<\/p>\n","protected":false},"author":4,"featured_media":0,"parent":0,"menu_order":8,"comment_status":"closed","ping_status":"closed","template":"page-about.php","meta":{"_acf_changed":false,"footnotes":""},"class_list":["post-16","page","type-page","status-publish","hentry"],"acf":[],"_links":{"self":[{"href":"https:\/\/amonis-starter.be\/fr\/wp-json\/wp\/v2\/pages\/16","targetHints":{"allow":["GET"]}}],"collection":[{"href":"https:\/\/amonis-starter.be\/fr\/wp-json\/wp\/v2\/pages"}],"about":[{"href":"https:\/\/amonis-starter.be\/fr\/wp-json\/wp\/v2\/types\/page"}],"author":[{"embeddable":true,"href":"https:\/\/amonis-starter.be\/fr\/wp-json\/wp\/v2\/users\/4"}],"replies":[{"embeddable":true,"href":"https:\/\/amonis-starter.be\/fr\/wp-json\/wp\/v2\/comments?post=16"}],"version-history":[{"count":101,"href":"https:\/\/amonis-starter.be\/fr\/wp-json\/wp\/v2\/pages\/16\/revisions"}],"predecessor-version":[{"id":2221,"href":"https:\/\/amonis-starter.be\/fr\/wp-json\/wp\/v2\/pages\/16\/revisions\/2221"}],"wp:attachment":[{"href":"https:\/\/amonis-starter.be\/fr\/wp-json\/wp\/v2\/media?parent=16"}],"curies":[{"name":"wp","href":"https:\/\/api.w.org\/{rel}","templated":true}]}}